{"id":23,"date":"2025-04-25T10:51:22","date_gmt":"2025-04-25T08:51:22","guid":{"rendered":"https:\/\/www.waldkiga.com\/?page_id=23"},"modified":"2025-12-16T18:23:35","modified_gmt":"2025-12-16T17:23:35","slug":"team","status":"publish","type":"page","link":"https:\/\/www.waldkiga.com\/index.php\/betreuungsangebot\/team\/","title":{"rendered":"Team"},"content":{"rendered":"\n<p>Unser Kindergarten-Team besteht aus<\/p>\n\n\n\n<p><strong>Kerstin Rathjen-Gr\u00f6schel:&nbsp;<\/strong>Leitung, Erzieherin, Wald- und Naturp\u00e4dagogin<\/p>\n\n\n\n<p><strong>Sandra Stra\u00dfburg:&nbsp;<\/strong>Erzieherin, Fachkraft f\u00fcr Inklusion; im w\u00f6chentlichen Wechsel mit:<\/p>\n\n\n\n<p><strong>Gerlind&nbsp;Elsner:&nbsp;<\/strong>Erzieherin<\/p>\n\n\n\n<p><strong>Katarina Rotzsche:&nbsp;<\/strong>Erzieherin<\/p>\n\n\n\n<p><strong>Magdalena Wagner:&nbsp;<\/strong>Kinderpflegerin<\/p>\n\n\n\n<p>Als &#8222;Springer&#8220; fungieren:<\/p>\n\n\n\n<p><strong>Steffi Weidmann:<\/strong>&nbsp;Kinderpflegerin; 3 Tage\/Woche<\/p>\n\n\n\n<p><strong>Anne Serke:<\/strong>&nbsp;externe Erzieherausbildung; 2 Tage\/Woche (1. Kiga-Halbjahr)<\/p>\n\n\n\n<p>&#8230;..und nat\u00fcrlich unsere beiden Hunde Erna und Toffee!!<\/p>\n\n\n\n<p>Eine gute und kollegiale Arbeitsatmosph\u00e4re ist uns sehr wichtig. Nur so k\u00f6nnen Ihre Kinder sich bei uns wohlf\u00fchlen. Wir wollen jedes Kind in seiner individuellen Pers\u00f6nlichkeit begleiten und legen viel Wert auf achtsamen und liebevollen Umgang miteinander. Mit unserer Arbeit m\u00f6chten wir die notwendigen Rahmenbedingungen schaffen damit sich die Kinder langfristig optimal entwickeln k\u00f6nnen.<\/p>\n\n\n\n<p>Und wir w\u00fcnschen uns, den Kindern mit unserer positiven Einstellung zum Leben, das Gef\u00fchl von Gemeinschaft im Einklang mit der Natur ein St\u00fcck n\u00e4her bringen zu k\u00f6nnen!<\/p>\n","protected":false},"excerpt":{"rendered":"<p>Unser Kindergarten-Team besteht aus Kerstin Rathjen-Gr\u00f6schel:&nbsp;Leitung, Erzieherin, Wald- und Naturp\u00e4dagogin Sandra Stra\u00dfburg:&nbsp;Erzieherin, Fachkraft f\u00fcr Inklusion; im w\u00f6chentlichen Wechsel mit: Gerlind&nbsp;Elsner:&nbsp;Erzieherin Katarina Rotzsche:&nbsp;Erzieherin Magdalena Wagner:&nbsp;Kinderpflegerin Als &#8222;Springer&#8220; fungieren: Steffi Weidmann:&nbsp;Kinderpflegerin; 3 Tage\/Woche Anne Serke:&nbsp;externe Erzieherausbildung; 2 Tage\/Woche (1. Kiga-Halbjahr) &#8230;..und nat\u00fcrlich unsere beiden Hunde Erna und Toffee!! Eine gute und kollegiale Arbeitsatmosph\u00e4re ist uns sehr wichtig. [&hellip;]<\/p>\n","protected":false},"author":1,"featured_media":0,"parent":16,"menu_order":0,"comment_status":"closed","ping_status":"closed","template":"","meta":{"footnotes":""},"class_list":["post-23","page","type-page","status-publish","hentry"],"_links":{"self":[{"href":"https:\/\/www.waldkiga.com\/index.php\/wp-json\/wp\/v2\/pages\/23","targetHints":{"allow":["GET"]}}],"collection":[{"href":"https:\/\/www.waldkiga.com\/index.php\/wp-json\/wp\/v2\/pages"}],"about":[{"href":"https:\/\/www.waldkiga.com\/index.php\/wp-json\/wp\/v2\/types\/page"}],"author":[{"embeddable":true,"href":"https:\/\/www.waldkiga.com\/index.php\/wp-json\/wp\/v2\/users\/1"}],"replies":[{"embeddable":true,"href":"https:\/\/www.waldkiga.com\/index.php\/wp-json\/wp\/v2\/comments?post=23"}],"version-history":[{"count":2,"href":"https:\/\/www.waldkiga.com\/index.php\/wp-json\/wp\/v2\/pages\/23\/revisions"}],"predecessor-version":[{"id":212,"href":"https:\/\/www.waldkiga.com\/index.php\/wp-json\/wp\/v2\/pages\/23\/revisions\/212"}],"up":[{"embeddable":true,"href":"https:\/\/www.waldkiga.com\/index.php\/wp-json\/wp\/v2\/pages\/16"}],"wp:attachment":[{"href":"https:\/\/www.waldkiga.com\/index.php\/wp-json\/wp\/v2\/media?parent=23"}],"curies":[{"name":"wp","href":"https:\/\/api.w.org\/{rel}","templated":true}]}}